{"id":3113,"date":"2021-08-15T16:40:37","date_gmt":"2021-08-15T16:40:37","guid":{"rendered":"https:\/\/etanaka.tk\/?page_id=3113"},"modified":"2025-05-09T19:12:43","modified_gmt":"2025-05-09T19:12:43","slug":"consul-general","status":"publish","type":"page","link":"https:\/\/hnd.mirex.gob.do\/consular\/san-pedro-sula\/consul-general\/","title":{"rendered":"Despacho del C\u00f3nsul"},"content":{"rendered":"\t\t<div data-elementor-type=\"wp-page\" data-elementor-id=\"3113\" class=\"elementor elementor-3113\" data-elementor-post-type=\"page\">\n\t\t\t\t\t\t<section class=\"elementor-section elementor-top-section elementor-element elementor-element-08f1789 elementor-section-height-min-height elementor-section-boxed elementor-section-height-default elementor-section-items-middle\" data-id=\"08f1789\" data-element_type=\"section\" data-e-type=\"section\" data-settings=\"{&quot;background_background&quot;:&quot;slideshow&quot;,&quot;background_slideshow_gallery&quot;:[{&quot;id&quot;:3434,&quot;url&quot;:&quot;https:\\\/\\\/cze.mirex.gob.do\\\/consular\\\/praga\\\/wp-content\\\/uploads\\\/2021\\\/08\\\/sliderservicios-4.png&quot;}],&quot;background_slideshow_loop&quot;:&quot;yes&quot;,&quot;background_slideshow_slide_duration&quot;:5000,&quot;background_slideshow_slide_transition&quot;:&quot;fade&quot;,&quot;background_slideshow_transition_duration&quot;:500}\">\n\t\t\t\t\t\t\t<div class=\"elementor-background-overlay\"><\/div>\n\t\t\t\t\t\t\t<div class=\"elementor-container elementor-column-gap-default\">\n\t\t\t\t\t<div class=\"elementor-column elementor-col-100 elementor-top-column elementor-element elementor-element-c9a19e4\" data-id=\"c9a19e4\" data-element_type=\"column\" data-e-type=\"column\">\n\t\t\t<div class=\"elementor-widget-wrap elementor-element-populated\">\n\t\t\t\t\t\t<div class=\"elementor-element elementor-element-042a157 elementor-invisible elementor-widget elementor-widget-heading\" data-id=\"042a157\" data-element_type=\"widget\" data-e-type=\"widget\" data-settings=\"{&quot;_animation&quot;:&quot;fadeInDown&quot;}\" data-widget_type=\"heading.default\">\n\t\t\t\t<div class=\"elementor-widget-container\">\n\t\t\t\t\t<h2 class=\"elementor-heading-title elementor-size-medium\">SOBRE NOSOTROS<\/h2>\t\t\t\t<\/div>\n\t\t\t\t<\/div>\n\t\t\t\t<div class=\"elementor-element elementor-element-e15efb1 elementor-invisible elementor-widget elementor-widget-heading\" data-id=\"e15efb1\" data-element_type=\"widget\" data-e-type=\"widget\" data-settings=\"{&quot;_animation&quot;:&quot;fadeInDown&quot;}\" data-widget_type=\"heading.default\">\n\t\t\t\t<div class=\"elementor-widget-container\">\n\t\t\t\t\t<h2 class=\"elementor-heading-title elementor-size-default\">DESPACHO DEL C\u00d3NSUL<\/h2>\t\t\t\t<\/div>\n\t\t\t\t<\/div>\n\t\t\t\t\t<\/div>\n\t\t<\/div>\n\t\t\t\t\t<\/div>\n\t\t<\/section>\n\t\t\t\t<section class=\"elementor-section elementor-top-section elementor-element elementor-element-3bff9a1 breadcrumbs elementor-section-boxed elementor-section-height-default elementor-section-height-default\" data-id=\"3bff9a1\" data-element_type=\"section\" data-e-type=\"section\" data-settings=\"{&quot;background_background&quot;:&quot;classic&quot;}\">\n\t\t\t\t\t\t<div class=\"elementor-container elementor-column-gap-default\">\n\t\t\t\t\t<div class=\"elementor-column elementor-col-100 elementor-top-column elementor-element elementor-element-65784ab\" data-id=\"65784ab\" data-element_type=\"column\" data-e-type=\"column\">\n\t\t\t<div class=\"elementor-widget-wrap elementor-element-populated\">\n\t\t\t\t\t\t<div class=\"elementor-element elementor-element-f709475 elementor-widget elementor-widget-text-editor\" data-id=\"f709475\" data-element_type=\"widget\" data-e-type=\"widget\" data-widget_type=\"text-editor.default\">\n\t\t\t\t<div class=\"elementor-widget-container\">\n\t\t\t\t\t\t\t\t\t<div class=\"breadcrumbs\"><strong>Est\u00e1s aqu\u00ed: <\/strong><a class=\"crumb-inactive\" href=\"\/\">Inicio<\/a> \u00bb <span class=\"crumb-inactive\">Sobre Nosotros<\/span> \u00bb <span class=\"crumb-active\">Despacho del C\u00f3nsul<\/span><\/div>\t\t\t\t\t\t\t\t<\/div>\n\t\t\t\t<\/div>\n\t\t\t\t\t<\/div>\n\t\t<\/div>\n\t\t\t\t\t<\/div>\n\t\t<\/section>\n\t\t\t\t<section class=\"elementor-section elementor-top-section elementor-element elementor-element-c12623b elementor-section-boxed elementor-section-height-default elementor-section-height-default\" data-id=\"c12623b\" data-element_type=\"section\" data-e-type=\"section\">\n\t\t\t\t\t\t<div class=\"elementor-container elementor-column-gap-default\">\n\t\t\t\t\t<div class=\"elementor-column elementor-col-50 elementor-top-column elementor-element elementor-element-e1e9cca elementor-hidden-tablet elementor-hidden-mobile\" data-id=\"e1e9cca\" data-element_type=\"column\" data-e-type=\"column\">\n\t\t\t<div class=\"elementor-widget-wrap elementor-element-populated\">\n\t\t\t\t\t\t<section class=\"elementor-section elementor-inner-section elementor-element elementor-element-1515a1d animated-slow elementor-section-boxed elementor-section-height-default elementor-section-height-default elementor-invisible\" data-id=\"1515a1d\" data-element_type=\"section\" data-e-type=\"section\" data-settings=\"{&quot;animation&quot;:&quot;fadeInLeft&quot;}\">\n\t\t\t\t\t\t<div class=\"elementor-container elementor-column-gap-default\">\n\t\t\t\t\t<div class=\"elementor-column elementor-col-100 elementor-inner-column elementor-element elementor-element-b83718a\" data-id=\"b83718a\" data-element_type=\"column\" data-e-type=\"column\">\n\t\t\t<div class=\"elementor-widget-wrap elementor-element-populated\">\n\t\t\t\t\t\t<div class=\"elementor-element elementor-element-ffa10f6 elementor-widget elementor-widget-heading\" data-id=\"ffa10f6\" data-element_type=\"widget\" data-e-type=\"widget\" data-widget_type=\"heading.default\">\n\t\t\t\t<div class=\"elementor-widget-container\">\n\t\t\t\t\t<h6 class=\"elementor-heading-title elementor-size-default\">ENLACES DE LA SECCI\u00d3N<\/h6>\t\t\t\t<\/div>\n\t\t\t\t<\/div>\n\t\t\t\t<div class=\"elementor-element elementor-element-0acf679 elementor-nav-menu__align-start elementor-nav-menu--dropdown-tablet elementor-nav-menu__text-align-aside elementor-nav-menu--toggle elementor-nav-menu--burger elementor-widget elementor-widget-nav-menu\" data-id=\"0acf679\" data-element_type=\"widget\" data-e-type=\"widget\" data-settings=\"{&quot;layout&quot;:&quot;vertical&quot;,&quot;submenu_icon&quot;:{&quot;value&quot;:&quot;&lt;i class=\\&quot;fas fa-caret-down\\&quot; aria-hidden=\\&quot;true\\&quot;&gt;&lt;\\\/i&gt;&quot;,&quot;library&quot;:&quot;fa-solid&quot;},&quot;toggle&quot;:&quot;burger&quot;}\" data-widget_type=\"nav-menu.default\">\n\t\t\t\t<div class=\"elementor-widget-container\">\n\t\t\t\t\t\t\t\t<nav aria-label=\"Menu\" class=\"elementor-nav-menu--main elementor-nav-menu__container elementor-nav-menu--layout-vertical e--pointer-none\">\n\t\t\t\t<ul id=\"menu-1-0acf679\" class=\"elementor-nav-menu sm-vertical\"><li class=\"menu-item menu-item-type-post_type menu-item-object-page menu-item-3082\"><a href=\"https:\/\/hnd.mirex.gob.do\/consular\/san-pedro-sula\/quienes-somos\/\" class=\"elementor-item menu-link\">\u00bfQui\u00e9nes Somos?<\/a><\/li>\n<li class=\"menu-item menu-item-type-post_type menu-item-object-page menu-item-3089\"><a href=\"https:\/\/hnd.mirex.gob.do\/consular\/san-pedro-sula\/historia\/\" class=\"elementor-item menu-link\">Historia<\/a><\/li>\n<li class=\"menu-item menu-item-type-post_type menu-item-object-page menu-item-3105\"><a href=\"https:\/\/hnd.mirex.gob.do\/consular\/san-pedro-sula\/organigrama\/\" class=\"elementor-item menu-link\">Organigrama<\/a><\/li>\n<li class=\"menu-item menu-item-type-post_type menu-item-object-page menu-item-3121\"><a href=\"https:\/\/hnd.mirex.gob.do\/consular\/san-pedro-sula\/consul-general\/\" class=\"elementor-item menu-link\">Despacho del C\u00f3nsul<\/a><\/li>\n<li class=\"menu-item menu-item-type-post_type menu-item-object-page menu-item-3142\"><a href=\"https:\/\/hnd.mirex.gob.do\/consular\/san-pedro-sula\/marco-legal\/\" class=\"elementor-item menu-link\">Marco Legal<\/a><\/li>\n<\/ul>\t\t\t<\/nav>\n\t\t\t\t\t<div class=\"elementor-menu-toggle\" role=\"button\" tabindex=\"0\" aria-label=\"Menu Toggle\" aria-expanded=\"false\">\n\t\t\t<i aria-hidden=\"true\" role=\"presentation\" class=\"elementor-menu-toggle__icon--open eicon-menu-bar\"><\/i><i aria-hidden=\"true\" role=\"presentation\" class=\"elementor-menu-toggle__icon--close eicon-close\"><\/i>\t\t<\/div>\n\t\t\t\t\t<nav class=\"elementor-nav-menu--dropdown elementor-nav-menu__container\" aria-hidden=\"true\">\n\t\t\t\t<ul id=\"menu-2-0acf679\" class=\"elementor-nav-menu sm-vertical\"><li class=\"menu-item menu-item-type-post_type menu-item-object-page menu-item-3082\"><a href=\"https:\/\/hnd.mirex.gob.do\/consular\/san-pedro-sula\/quienes-somos\/\" class=\"elementor-item menu-link\" tabindex=\"-1\">\u00bfQui\u00e9nes Somos?<\/a><\/li>\n<li class=\"menu-item menu-item-type-post_type menu-item-object-page menu-item-3089\"><a href=\"https:\/\/hnd.mirex.gob.do\/consular\/san-pedro-sula\/historia\/\" class=\"elementor-item menu-link\" tabindex=\"-1\">Historia<\/a><\/li>\n<li class=\"menu-item menu-item-type-post_type menu-item-object-page menu-item-3105\"><a href=\"https:\/\/hnd.mirex.gob.do\/consular\/san-pedro-sula\/organigrama\/\" class=\"elementor-item menu-link\" tabindex=\"-1\">Organigrama<\/a><\/li>\n<li class=\"menu-item menu-item-type-post_type menu-item-object-page menu-item-3121\"><a href=\"https:\/\/hnd.mirex.gob.do\/consular\/san-pedro-sula\/consul-general\/\" class=\"elementor-item menu-link\" tabindex=\"-1\">Despacho del C\u00f3nsul<\/a><\/li>\n<li class=\"menu-item menu-item-type-post_type menu-item-object-page menu-item-3142\"><a href=\"https:\/\/hnd.mirex.gob.do\/consular\/san-pedro-sula\/marco-legal\/\" class=\"elementor-item menu-link\" tabindex=\"-1\">Marco Legal<\/a><\/li>\n<\/ul>\t\t\t<\/nav>\n\t\t\t\t\t\t<\/div>\n\t\t\t\t<\/div>\n\t\t\t\t\t<\/div>\n\t\t<\/div>\n\t\t\t\t\t<\/div>\n\t\t<\/section>\n\t\t\t\t\t<\/div>\n\t\t<\/div>\n\t\t\t\t<div class=\"elementor-column elementor-col-50 elementor-top-column elementor-element elementor-element-15b3942 elementor-invisible\" data-id=\"15b3942\" data-element_type=\"column\" data-e-type=\"column\" data-settings=\"{&quot;background_background&quot;:&quot;classic&quot;,&quot;animation&quot;:&quot;fadeInUp&quot;}\">\n\t\t\t<div class=\"elementor-widget-wrap elementor-element-populated\">\n\t\t\t\t\t\t<div class=\"elementor-element elementor-element-9fb2f0f elementor-share-buttons--skin-boxed elementor-share-buttons--color-custom elementor-share-buttons--view-icon-text elementor-share-buttons--shape-square elementor-grid-0 elementor-widget elementor-widget-share-buttons\" data-id=\"9fb2f0f\" data-element_type=\"widget\" data-e-type=\"widget\" data-widget_type=\"share-buttons.default\">\n\t\t\t\t<div class=\"elementor-widget-container\">\n\t\t\t\t\t\t\t<div class=\"elementor-grid\" role=\"list\">\n\t\t\t\t\t\t\t\t<div class=\"elementor-grid-item\" role=\"listitem\">\n\t\t\t\t\t\t<div class=\"elementor-share-btn elementor-share-btn_print\" role=\"button\" tabindex=\"0\" aria-label=\"Share on print\">\n\t\t\t\t\t\t\t\t\t\t\t\t\t\t\t<span class=\"elementor-share-btn__icon\">\n\t\t\t\t\t\t\t\t<i class=\"fas fa-print\" aria-hidden=\"true\"><\/i>\t\t\t\t\t\t\t<\/span>\n\t\t\t\t\t\t\t\t\t\t\t\t\t\t\t\t\t\t\t\t\t\t<div class=\"elementor-share-btn__text\">\n\t\t\t\t\t\t\t\t\t\t\t\t\t\t\t\t\t\t\t<span class=\"elementor-share-btn__title\">\n\t\t\t\t\t\t\t\t\t\tImprimir\t\t\t\t\t\t\t\t\t<\/span>\n\t\t\t\t\t\t\t\t\t\t\t\t\t\t\t\t\t<\/div>\n\t\t\t\t\t\t\t\t\t\t\t\t\t<\/div>\n\t\t\t\t\t<\/div>\n\t\t\t\t\t\t\t\t\t<div class=\"elementor-grid-item\" role=\"listitem\">\n\t\t\t\t\t\t<div class=\"elementor-share-btn elementor-share-btn_email\" role=\"button\" tabindex=\"0\" aria-label=\"Share on email\">\n\t\t\t\t\t\t\t\t\t\t\t\t\t\t\t<span class=\"elementor-share-btn__icon\">\n\t\t\t\t\t\t\t\t<i class=\"fas fa-envelope\" aria-hidden=\"true\"><\/i>\t\t\t\t\t\t\t<\/span>\n\t\t\t\t\t\t\t\t\t\t\t\t\t\t\t\t\t\t\t\t\t\t<div class=\"elementor-share-btn__text\">\n\t\t\t\t\t\t\t\t\t\t\t\t\t\t\t\t\t\t\t<span class=\"elementor-share-btn__title\">\n\t\t\t\t\t\t\t\t\t\tCorreo Electr\u00f3nico\t\t\t\t\t\t\t\t\t<\/span>\n\t\t\t\t\t\t\t\t\t\t\t\t\t\t\t\t\t<\/div>\n\t\t\t\t\t\t\t\t\t\t\t\t\t<\/div>\n\t\t\t\t\t<\/div>\n\t\t\t\t\t\t<\/div>\n\t\t\t\t\t\t<\/div>\n\t\t\t\t<\/div>\n\t\t\t\t<div class=\"elementor-element elementor-element-cc3fa43 eael-team-align-default elementor-hidden-desktop elementor-hidden-tablet elementor-hidden-mobile elementor-invisible elementor-widget elementor-widget-eael-team-member\" data-id=\"cc3fa43\" data-element_type=\"widget\" data-e-type=\"widget\" id=\"consul-profile\" data-settings=\"{&quot;_animation&quot;:&quot;fadeIn&quot;}\" data-widget_type=\"eael-team-member.default\">\n\t\t\t\t<div class=\"elementor-widget-container\">\n\t\t\t\t\t\n\n\t<div id=\"eael-team-member-cc3fa43\" class=\"eael-team-item eael-team-members-simple \">\n\t\t<div class=\"eael-team-item-inner\">\n\t\t\t<div class=\"eael-team-image\">\n\t\t\t\t<figure>\n\t\t\t\t\t\t\t\t\t\t<img decoding=\"async\" src=\"https:\/\/hnd.mirex.gob.do\/consular\/san-pedro-sula\/wp-content\/uploads\/2021\/08\/person-placeholder.jpg\" alt=\"\">\n\t\t\t\t\t\t\t\t\t<\/figure>\n\t\t\t\t\n\t\t\t\t\n\t\t\t<\/div>\n\n\t\t\t<div class=\"eael-team-content\">\n\t\t\t\t<h2 class=\"eael-team-member-name\">Jhon Doe<\/h2><h3 class=\"eael-team-member-position\">C\u00f3nsul General<\/h3>\n\t\t\t\t\t\t\t\t\t\t\t\t\t\t<p class=\"eael-team-text\">Presentar una semblanza o bosquejo biogr\u00e1fico del c\u00f3nsul (ver documento \"Estructura de los Portales Web de las Misiones\", secci\u00f3n \"Consulados\").\n<br><br>\nEste contenido debe ser completado por el consulado.\n<\/p>\n\t\t\t\t\t\t\t<\/div>\n\t\t<\/div>\n\t<\/div>\n\t\t\t\t\t<\/div>\n\t\t\t\t<\/div>\n\t\t\t\t\t<\/div>\n\t\t<\/div>\n\t\t\t\t\t<\/div>\n\t\t<\/section>\n\t\t\t\t<\/div>\n\t\t","protected":false},"excerpt":{"rendered":"<p>SOBRE NOSOTROS DESPACHO DEL C\u00d3NSUL Est\u00e1s aqu\u00ed: Inicio \u00bb Sobre Nosotros \u00bb Despacho del C\u00f3nsul ENLACES DE LA SECCI\u00d3N Imprimir Correo Electr\u00f3nico Jhon Doe C\u00f3nsul General Presentar una semblanza o bosquejo biogr\u00e1fico del c\u00f3nsul (ver documento &#8220;Estructura de los Portales Web de las Misiones&#8221;, secci\u00f3n &#8220;Consulados&#8221;). Este contenido debe ser completado por el consulado.<\/p>\n","protected":false},"author":1,"featured_media":6186,"parent":0,"menu_order":0,"comment_status":"closed","ping_status":"closed","template":"","meta":{"site-sidebar-layout":"no-sidebar","site-content-layout":"page-builder","ast-site-content-layout":"full-width-container","site-content-style":"unboxed","site-sidebar-style":"unboxed","ast-global-header-display":"","ast-banner-title-visibility":"","ast-main-header-display":"","ast-hfb-above-header-display":"","ast-hfb-below-header-display":"","ast-hfb-mobile-header-display":"","site-post-title":"disabled","ast-breadcrumbs-content":"","ast-featured-img":"disabled","footer-sml-layout":"","ast-disable-related-posts":"","theme-transparent-header-meta":"default","adv-header-id-meta":"","stick-header-meta":"","header-above-stick-meta":"","header-main-stick-meta":"","header-below-stick-meta":"","astra-migrate-meta-layouts":"set","ast-page-background-enabled":"default","ast-page-background-meta":{"desktop":{"background-color":"","background-image":"","background-repeat":"repeat","background-position":"center center","background-size":"auto","background-attachment":"scroll","background-type":"","background-media":"","overlay-type":"","overlay-color":"","overlay-opacity":"","overlay-gradient":""},"tablet":{"background-color":"","background-image":"","background-repeat":"repeat","background-position":"center center","background-size":"auto","background-attachment":"scroll","background-type":"","background-media":"","overlay-type":"","overlay-color":"","overlay-opacity":"","overlay-gradient":""},"mobile":{"background-color":"","background-image":"","background-repeat":"repeat","background-position":"center center","background-size":"auto","background-attachment":"scroll","background-type":"","background-media":"","overlay-type":"","overlay-color":"","overlay-opacity":"","overlay-gradient":""}},"ast-content-background-meta":{"desktop":{"background-color":"var(--ast-global-color-5)","background-image":"","background-repeat":"repeat","background-position":"center center","background-size":"auto","background-attachment":"scroll","background-type":"","background-media":"","overlay-type":"","overlay-color":"","overlay-opacity":"","overlay-gradient":""},"tablet":{"background-color":"var(--ast-global-color-5)","background-image":"","background-repeat":"repeat","background-position":"center center","background-size":"auto","background-attachment":"scroll","background-type":"","background-media":"","overlay-type":"","overlay-color":"","overlay-opacity":"","overlay-gradient":""},"mobile":{"background-color":"var(--ast-global-color-5)","background-image":"","background-repeat":"repeat","background-position":"center center","background-size":"auto","background-attachment":"scroll","background-type":"","background-media":"","overlay-type":"","overlay-color":"","overlay-opacity":"","overlay-gradient":""}},"footnotes":""},"categories":[36],"tags":[],"class_list":["post-3113","page","type-page","status-publish","has-post-thumbnail","hentry","category-sobre-nosotros"],"yoast_head":"<!-- This site is optimized with the Yoast SEO plugin v27.4 - https:\/\/yoast.com\/product\/yoast-seo-wordpress\/ -->\n<title>Despacho del C\u00f3nsul - Consulado General de la Rep\u00fablica Dominicana en San Pedro Sula, Honduras<\/title>\n<meta name=\"description\" content=\"Melinton Francisco Jim\u00e9nez Salvador- C\u00f3nsul General Ingeniero Industrial y de Sistemas, egresado con honores del Tecnol\u00f3gico de Monterrey, M\u00e9xico. Cuenta con una maestr\u00eda en Direcci\u00f3n y Gesti\u00f3n de Proyectos de la Universidad Polit\u00e9cnica de Valencia, Espa\u00f1a. Certificado por la Sociedad Americana para la Calidad (ASQ, por sus siglas en Ingl\u00e9s) como Experto en Procesos de Calidad y por el Project Management Institute (PMI) como Asociado en la Gesti\u00f3n de Proyectos, adem\u00e1s cuenta con el aval del International Register of Certificated Auditors (IRCA) como Auditor L\u00edder de Sistemas de Gesti\u00f3n de Calidad y del Lean Six Sigma Institute como Especialista en Mejora de Procesos aplicando Six Sigma. Asimismo, como parte de su formaci\u00f3n acad\u00e9mica y profesional ha cursado diversos programas especializados y actualizaciones a nivel nacional e internacional, tales como el Programa de Habilidades Directivas y Gerenciales impartido por Barna Management School y el Programa de Liderazgo y Gerencia Orientado a Resultados por Dale Carnegie &amp; Associates, complementado con varios talleres en negociaci\u00f3n, servicio al cliente, comercio internacional, relaciones internacionales, derechos humanos y estrategias. En el ambiente laboral ha sido Encargado de la Red de Abastecimiento Social de los programas sociales del Gobierno dominicano (2019-2020), posee amplia experiencia en la implementaci\u00f3n y conducci\u00f3n de Sistemas de Gesti\u00f3n Integrados basados en las normas ISO (9001, 14001, 27001), Gesti\u00f3n de Riesgos, Formulaci\u00f3n y Monitoreo de Planes, Programas y Proyectos, Desarrollo Organizacional y aplicaci\u00f3n de herramientas para la mejora continua en organizaciones nacionales e internacionales. Igualmente, se ha desempe\u00f1ado como Director de Subsidios Sociales (2023-2024) y Gerente de Negocios Electr\u00f3nicos del Banco de Reservas de la Rep\u00fablica Dominicana (2020-2023) en donde dirigi\u00f3 la puesta en marcha de varias soluciones de pago para los distintos subsidios sociales del Gobierno dominicano. Asimismo, ha puesto de manifiesto sus conocimientos en el extranjero, manejando proyectos especiales de empresas multinacionales en M\u00e9xico, Espa\u00f1a y Portugal. Desde el mes de enero de 2024 ha sido designado por el Presidente de la Rep\u00fablica, Lu\u00eds Abinader Corona, como C\u00f3nsul General de la Rep\u00fablica Dominicana en la ciudad de San Pedro Sula, Honduras, siendo hasta el momento el C\u00f3nsul General m\u00e1s joven designado en alg\u00fan lugar por el actual Gobierno dominicano. A su llegada a la misi\u00f3n consular ha logrado posicionar los procesos para brindar un servicio adecuado a los ciudadanos dominicanos y dem\u00e1s solicitantes que demandan los servicios en Honduras.\" \/>\n<meta name=\"robots\" content=\"index, follow, max-snippet:-1, max-image-preview:large, max-video-preview:-1\" \/>\n<link rel=\"canonical\" href=\"https:\/\/hnd.mirex.gob.do\/consular\/san-pedro-sula\/consul-general\/\" \/>\n<meta property=\"og:locale\" content=\"en_US\" \/>\n<meta property=\"og:type\" content=\"article\" \/>\n<meta property=\"og:title\" content=\"Despacho del C\u00f3nsul - Consulado General de la Rep\u00fablica Dominicana en San Pedro Sula, Honduras\" \/>\n<meta property=\"og:description\" content=\"Melinton Francisco Jim\u00e9nez Salvador- C\u00f3nsul General Ingeniero Industrial y de Sistemas, egresado con honores del Tecnol\u00f3gico de Monterrey, M\u00e9xico. Cuenta con una maestr\u00eda en Direcci\u00f3n y Gesti\u00f3n de Proyectos de la Universidad Polit\u00e9cnica de Valencia, Espa\u00f1a. Certificado por la Sociedad Americana para la Calidad (ASQ, por sus siglas en Ingl\u00e9s) como Experto en Procesos de Calidad y por el Project Management Institute (PMI) como Asociado en la Gesti\u00f3n de Proyectos, adem\u00e1s cuenta con el aval del International Register of Certificated Auditors (IRCA) como Auditor L\u00edder de Sistemas de Gesti\u00f3n de Calidad y del Lean Six Sigma Institute como Especialista en Mejora de Procesos aplicando Six Sigma. Asimismo, como parte de su formaci\u00f3n acad\u00e9mica y profesional ha cursado diversos programas especializados y actualizaciones a nivel nacional e internacional, tales como el Programa de Habilidades Directivas y Gerenciales impartido por Barna Management School y el Programa de Liderazgo y Gerencia Orientado a Resultados por Dale Carnegie &amp; Associates, complementado con varios talleres en negociaci\u00f3n, servicio al cliente, comercio internacional, relaciones internacionales, derechos humanos y estrategias. En el ambiente laboral ha sido Encargado de la Red de Abastecimiento Social de los programas sociales del Gobierno dominicano (2019-2020), posee amplia experiencia en la implementaci\u00f3n y conducci\u00f3n de Sistemas de Gesti\u00f3n Integrados basados en las normas ISO (9001, 14001, 27001), Gesti\u00f3n de Riesgos, Formulaci\u00f3n y Monitoreo de Planes, Programas y Proyectos, Desarrollo Organizacional y aplicaci\u00f3n de herramientas para la mejora continua en organizaciones nacionales e internacionales. Igualmente, se ha desempe\u00f1ado como Director de Subsidios Sociales (2023-2024) y Gerente de Negocios Electr\u00f3nicos del Banco de Reservas de la Rep\u00fablica Dominicana (2020-2023) en donde dirigi\u00f3 la puesta en marcha de varias soluciones de pago para los distintos subsidios sociales del Gobierno dominicano. Asimismo, ha puesto de manifiesto sus conocimientos en el extranjero, manejando proyectos especiales de empresas multinacionales en M\u00e9xico, Espa\u00f1a y Portugal. Desde el mes de enero de 2024 ha sido designado por el Presidente de la Rep\u00fablica, Lu\u00eds Abinader Corona, como C\u00f3nsul General de la Rep\u00fablica Dominicana en la ciudad de San Pedro Sula, Honduras, siendo hasta el momento el C\u00f3nsul General m\u00e1s joven designado en alg\u00fan lugar por el actual Gobierno dominicano. A su llegada a la misi\u00f3n consular ha logrado posicionar los procesos para brindar un servicio adecuado a los ciudadanos dominicanos y dem\u00e1s solicitantes que demandan los servicios en Honduras.\" \/>\n<meta property=\"og:url\" content=\"https:\/\/hnd.mirex.gob.do\/consular\/san-pedro-sula\/consul-general\/\" \/>\n<meta property=\"og:site_name\" content=\"Consulado General de la Rep\u00fablica Dominicana en San Pedro Sula, Honduras\" \/>\n<meta property=\"article:modified_time\" content=\"2025-05-09T19:12:43+00:00\" \/>\n<meta property=\"og:image\" content=\"https:\/\/hnd.mirex.gob.do\/consular\/san-pedro-sula\/wp-content\/uploads\/2025\/05\/88712785-76B2-475A-AEE3-593D1173400B-1-copia.jpg\" \/>\n\t<meta property=\"og:image:width\" content=\"1290\" \/>\n\t<meta property=\"og:image:height\" content=\"2293\" \/>\n\t<meta property=\"og:image:type\" content=\"image\/jpeg\" \/>\n<meta name=\"twitter:card\" content=\"summary_large_image\" \/>\n<meta name=\"twitter:label1\" content=\"Est. reading time\" \/>\n\t<meta name=\"twitter:data1\" content=\"1 minute\" \/>\n<script type=\"application\/ld+json\" class=\"yoast-schema-graph\">{\"@context\":\"https:\\\/\\\/schema.org\",\"@graph\":[{\"@type\":\"WebPage\",\"@id\":\"https:\\\/\\\/hnd.mirex.gob.do\\\/consular\\\/san-pedro-sula\\\/consul-general\\\/\",\"url\":\"https:\\\/\\\/hnd.mirex.gob.do\\\/consular\\\/san-pedro-sula\\\/consul-general\\\/\",\"name\":\"Despacho del C\u00f3nsul - Consulado General de la Rep\u00fablica Dominicana en San Pedro Sula, Honduras\",\"isPartOf\":{\"@id\":\"https:\\\/\\\/hnd.mirex.gob.do\\\/consular\\\/san-pedro-sula\\\/#website\"},\"primaryImageOfPage\":{\"@id\":\"https:\\\/\\\/hnd.mirex.gob.do\\\/consular\\\/san-pedro-sula\\\/consul-general\\\/#primaryimage\"},\"image\":{\"@id\":\"https:\\\/\\\/hnd.mirex.gob.do\\\/consular\\\/san-pedro-sula\\\/consul-general\\\/#primaryimage\"},\"thumbnailUrl\":\"https:\\\/\\\/hnd.mirex.gob.do\\\/consular\\\/san-pedro-sula\\\/wp-content\\\/uploads\\\/2025\\\/05\\\/88712785-76B2-475A-AEE3-593D1173400B-1-copia.jpg\",\"datePublished\":\"2021-08-15T16:40:37+00:00\",\"dateModified\":\"2025-05-09T19:12:43+00:00\",\"description\":\"Melinton Francisco Jim\u00e9nez Salvador- C\u00f3nsul General Ingeniero Industrial y de Sistemas, egresado con honores del Tecnol\u00f3gico de Monterrey, M\u00e9xico. Cuenta con una maestr\u00eda en Direcci\u00f3n y Gesti\u00f3n de Proyectos de la Universidad Polit\u00e9cnica de Valencia, Espa\u00f1a. Certificado por la Sociedad Americana para la Calidad (ASQ, por sus siglas en Ingl\u00e9s) como Experto en Procesos de Calidad y por el Project Management Institute (PMI) como Asociado en la Gesti\u00f3n de Proyectos, adem\u00e1s cuenta con el aval del International Register of Certificated Auditors (IRCA) como Auditor L\u00edder de Sistemas de Gesti\u00f3n de Calidad y del Lean Six Sigma Institute como Especialista en Mejora de Procesos aplicando Six Sigma. Asimismo, como parte de su formaci\u00f3n acad\u00e9mica y profesional ha cursado diversos programas especializados y actualizaciones a nivel nacional e internacional, tales como el Programa de Habilidades Directivas y Gerenciales impartido por Barna Management School y el Programa de Liderazgo y Gerencia Orientado a Resultados por Dale Carnegie & Associates, complementado con varios talleres en negociaci\u00f3n, servicio al cliente, comercio internacional, relaciones internacionales, derechos humanos y estrategias. En el ambiente laboral ha sido Encargado de la Red de Abastecimiento Social de los programas sociales del Gobierno dominicano (2019-2020), posee amplia experiencia en la implementaci\u00f3n y conducci\u00f3n de Sistemas de Gesti\u00f3n Integrados basados en las normas ISO (9001, 14001, 27001), Gesti\u00f3n de Riesgos, Formulaci\u00f3n y Monitoreo de Planes, Programas y Proyectos, Desarrollo Organizacional y aplicaci\u00f3n de herramientas para la mejora continua en organizaciones nacionales e internacionales. Igualmente, se ha desempe\u00f1ado como Director de Subsidios Sociales (2023-2024) y Gerente de Negocios Electr\u00f3nicos del Banco de Reservas de la Rep\u00fablica Dominicana (2020-2023) en donde dirigi\u00f3 la puesta en marcha de varias soluciones de pago para los distintos subsidios sociales del Gobierno dominicano. Asimismo, ha puesto de manifiesto sus conocimientos en el extranjero, manejando proyectos especiales de empresas multinacionales en M\u00e9xico, Espa\u00f1a y Portugal. Desde el mes de enero de 2024 ha sido designado por el Presidente de la Rep\u00fablica, Lu\u00eds Abinader Corona, como C\u00f3nsul General de la Rep\u00fablica Dominicana en la ciudad de San Pedro Sula, Honduras, siendo hasta el momento el C\u00f3nsul General m\u00e1s joven designado en alg\u00fan lugar por el actual Gobierno dominicano. A su llegada a la misi\u00f3n consular ha logrado posicionar los procesos para brindar un servicio adecuado a los ciudadanos dominicanos y dem\u00e1s solicitantes que demandan los servicios en Honduras.\",\"breadcrumb\":{\"@id\":\"https:\\\/\\\/hnd.mirex.gob.do\\\/consular\\\/san-pedro-sula\\\/consul-general\\\/#breadcrumb\"},\"inLanguage\":\"en-US\",\"potentialAction\":[{\"@type\":\"ReadAction\",\"target\":[\"https:\\\/\\\/hnd.mirex.gob.do\\\/consular\\\/san-pedro-sula\\\/consul-general\\\/\"]}]},{\"@type\":\"ImageObject\",\"inLanguage\":\"en-US\",\"@id\":\"https:\\\/\\\/hnd.mirex.gob.do\\\/consular\\\/san-pedro-sula\\\/consul-general\\\/#primaryimage\",\"url\":\"https:\\\/\\\/hnd.mirex.gob.do\\\/consular\\\/san-pedro-sula\\\/wp-content\\\/uploads\\\/2025\\\/05\\\/88712785-76B2-475A-AEE3-593D1173400B-1-copia.jpg\",\"contentUrl\":\"https:\\\/\\\/hnd.mirex.gob.do\\\/consular\\\/san-pedro-sula\\\/wp-content\\\/uploads\\\/2025\\\/05\\\/88712785-76B2-475A-AEE3-593D1173400B-1-copia.jpg\",\"width\":1290,\"height\":2293,\"caption\":\"Screenshot\"},{\"@type\":\"BreadcrumbList\",\"@id\":\"https:\\\/\\\/hnd.mirex.gob.do\\\/consular\\\/san-pedro-sula\\\/consul-general\\\/#breadcrumb\",\"itemListElement\":[{\"@type\":\"ListItem\",\"position\":1,\"name\":\"Inicio\",\"item\":\"https:\\\/\\\/hnd.mirex.gob.do\\\/consular\\\/san-pedro-sula\\\/\"},{\"@type\":\"ListItem\",\"position\":2,\"name\":\"Despacho del C\u00f3nsul\"}]},{\"@type\":\"WebSite\",\"@id\":\"https:\\\/\\\/hnd.mirex.gob.do\\\/consular\\\/san-pedro-sula\\\/#website\",\"url\":\"https:\\\/\\\/hnd.mirex.gob.do\\\/consular\\\/san-pedro-sula\\\/\",\"name\":\"Consulado General de la Rep\u00fablica Dominicana en San Pedro Sula, Honduras\",\"description\":\"\",\"publisher\":{\"@id\":\"https:\\\/\\\/hnd.mirex.gob.do\\\/consular\\\/san-pedro-sula\\\/#organization\"},\"potentialAction\":[{\"@type\":\"SearchAction\",\"target\":{\"@type\":\"EntryPoint\",\"urlTemplate\":\"https:\\\/\\\/hnd.mirex.gob.do\\\/consular\\\/san-pedro-sula\\\/?s={search_term_string}\"},\"query-input\":{\"@type\":\"PropertyValueSpecification\",\"valueRequired\":true,\"valueName\":\"search_term_string\"}}],\"inLanguage\":\"en-US\"},{\"@type\":\"Organization\",\"@id\":\"https:\\\/\\\/hnd.mirex.gob.do\\\/consular\\\/san-pedro-sula\\\/#organization\",\"name\":\"Consulado General de la Rep\u00fablica Dominicana en San Pedro Sula, Honduras\",\"url\":\"https:\\\/\\\/hnd.mirex.gob.do\\\/consular\\\/san-pedro-sula\\\/\",\"logo\":{\"@type\":\"ImageObject\",\"inLanguage\":\"en-US\",\"@id\":\"https:\\\/\\\/hnd.mirex.gob.do\\\/consular\\\/san-pedro-sula\\\/#\\\/schema\\\/logo\\\/image\\\/\",\"url\":\"https:\\\/\\\/hnd.mirex.gob.do\\\/consular\\\/san-pedro-sula\\\/wp-content\\\/uploads\\\/2022\\\/05\\\/CONSULADO-San-Pedro-Sula-Honduras-RD-04.png\",\"contentUrl\":\"https:\\\/\\\/hnd.mirex.gob.do\\\/consular\\\/san-pedro-sula\\\/wp-content\\\/uploads\\\/2022\\\/05\\\/CONSULADO-San-Pedro-Sula-Honduras-RD-04.png\",\"width\":4163,\"height\":1788,\"caption\":\"Consulado General de la Rep\u00fablica Dominicana en San Pedro Sula, Honduras\"},\"image\":{\"@id\":\"https:\\\/\\\/hnd.mirex.gob.do\\\/consular\\\/san-pedro-sula\\\/#\\\/schema\\\/logo\\\/image\\\/\"}}]}<\/script>\n<!-- \/ Yoast SEO plugin. -->","yoast_head_json":{"title":"Despacho del C\u00f3nsul - Consulado General de la Rep\u00fablica Dominicana en San Pedro Sula, Honduras","description":"Melinton Francisco Jim\u00e9nez Salvador- C\u00f3nsul General Ingeniero Industrial y de Sistemas, egresado con honores del Tecnol\u00f3gico de Monterrey, M\u00e9xico. Cuenta con una maestr\u00eda en Direcci\u00f3n y Gesti\u00f3n de Proyectos de la Universidad Polit\u00e9cnica de Valencia, Espa\u00f1a. Certificado por la Sociedad Americana para la Calidad (ASQ, por sus siglas en Ingl\u00e9s) como Experto en Procesos de Calidad y por el Project Management Institute (PMI) como Asociado en la Gesti\u00f3n de Proyectos, adem\u00e1s cuenta con el aval del International Register of Certificated Auditors (IRCA) como Auditor L\u00edder de Sistemas de Gesti\u00f3n de Calidad y del Lean Six Sigma Institute como Especialista en Mejora de Procesos aplicando Six Sigma. Asimismo, como parte de su formaci\u00f3n acad\u00e9mica y profesional ha cursado diversos programas especializados y actualizaciones a nivel nacional e internacional, tales como el Programa de Habilidades Directivas y Gerenciales impartido por Barna Management School y el Programa de Liderazgo y Gerencia Orientado a Resultados por Dale Carnegie & Associates, complementado con varios talleres en negociaci\u00f3n, servicio al cliente, comercio internacional, relaciones internacionales, derechos humanos y estrategias. En el ambiente laboral ha sido Encargado de la Red de Abastecimiento Social de los programas sociales del Gobierno dominicano (2019-2020), posee amplia experiencia en la implementaci\u00f3n y conducci\u00f3n de Sistemas de Gesti\u00f3n Integrados basados en las normas ISO (9001, 14001, 27001), Gesti\u00f3n de Riesgos, Formulaci\u00f3n y Monitoreo de Planes, Programas y Proyectos, Desarrollo Organizacional y aplicaci\u00f3n de herramientas para la mejora continua en organizaciones nacionales e internacionales. Igualmente, se ha desempe\u00f1ado como Director de Subsidios Sociales (2023-2024) y Gerente de Negocios Electr\u00f3nicos del Banco de Reservas de la Rep\u00fablica Dominicana (2020-2023) en donde dirigi\u00f3 la puesta en marcha de varias soluciones de pago para los distintos subsidios sociales del Gobierno dominicano. Asimismo, ha puesto de manifiesto sus conocimientos en el extranjero, manejando proyectos especiales de empresas multinacionales en M\u00e9xico, Espa\u00f1a y Portugal. Desde el mes de enero de 2024 ha sido designado por el Presidente de la Rep\u00fablica, Lu\u00eds Abinader Corona, como C\u00f3nsul General de la Rep\u00fablica Dominicana en la ciudad de San Pedro Sula, Honduras, siendo hasta el momento el C\u00f3nsul General m\u00e1s joven designado en alg\u00fan lugar por el actual Gobierno dominicano. A su llegada a la misi\u00f3n consular ha logrado posicionar los procesos para brindar un servicio adecuado a los ciudadanos dominicanos y dem\u00e1s solicitantes que demandan los servicios en Honduras.","robots":{"index":"index","follow":"follow","max-snippet":"max-snippet:-1","max-image-preview":"max-image-preview:large","max-video-preview":"max-video-preview:-1"},"canonical":"https:\/\/hnd.mirex.gob.do\/consular\/san-pedro-sula\/consul-general\/","og_locale":"en_US","og_type":"article","og_title":"Despacho del C\u00f3nsul - Consulado General de la Rep\u00fablica Dominicana en San Pedro Sula, Honduras","og_description":"Melinton Francisco Jim\u00e9nez Salvador- C\u00f3nsul General Ingeniero Industrial y de Sistemas, egresado con honores del Tecnol\u00f3gico de Monterrey, M\u00e9xico. Cuenta con una maestr\u00eda en Direcci\u00f3n y Gesti\u00f3n de Proyectos de la Universidad Polit\u00e9cnica de Valencia, Espa\u00f1a. Certificado por la Sociedad Americana para la Calidad (ASQ, por sus siglas en Ingl\u00e9s) como Experto en Procesos de Calidad y por el Project Management Institute (PMI) como Asociado en la Gesti\u00f3n de Proyectos, adem\u00e1s cuenta con el aval del International Register of Certificated Auditors (IRCA) como Auditor L\u00edder de Sistemas de Gesti\u00f3n de Calidad y del Lean Six Sigma Institute como Especialista en Mejora de Procesos aplicando Six Sigma. Asimismo, como parte de su formaci\u00f3n acad\u00e9mica y profesional ha cursado diversos programas especializados y actualizaciones a nivel nacional e internacional, tales como el Programa de Habilidades Directivas y Gerenciales impartido por Barna Management School y el Programa de Liderazgo y Gerencia Orientado a Resultados por Dale Carnegie & Associates, complementado con varios talleres en negociaci\u00f3n, servicio al cliente, comercio internacional, relaciones internacionales, derechos humanos y estrategias. En el ambiente laboral ha sido Encargado de la Red de Abastecimiento Social de los programas sociales del Gobierno dominicano (2019-2020), posee amplia experiencia en la implementaci\u00f3n y conducci\u00f3n de Sistemas de Gesti\u00f3n Integrados basados en las normas ISO (9001, 14001, 27001), Gesti\u00f3n de Riesgos, Formulaci\u00f3n y Monitoreo de Planes, Programas y Proyectos, Desarrollo Organizacional y aplicaci\u00f3n de herramientas para la mejora continua en organizaciones nacionales e internacionales. Igualmente, se ha desempe\u00f1ado como Director de Subsidios Sociales (2023-2024) y Gerente de Negocios Electr\u00f3nicos del Banco de Reservas de la Rep\u00fablica Dominicana (2020-2023) en donde dirigi\u00f3 la puesta en marcha de varias soluciones de pago para los distintos subsidios sociales del Gobierno dominicano. Asimismo, ha puesto de manifiesto sus conocimientos en el extranjero, manejando proyectos especiales de empresas multinacionales en M\u00e9xico, Espa\u00f1a y Portugal. Desde el mes de enero de 2024 ha sido designado por el Presidente de la Rep\u00fablica, Lu\u00eds Abinader Corona, como C\u00f3nsul General de la Rep\u00fablica Dominicana en la ciudad de San Pedro Sula, Honduras, siendo hasta el momento el C\u00f3nsul General m\u00e1s joven designado en alg\u00fan lugar por el actual Gobierno dominicano. A su llegada a la misi\u00f3n consular ha logrado posicionar los procesos para brindar un servicio adecuado a los ciudadanos dominicanos y dem\u00e1s solicitantes que demandan los servicios en Honduras.","og_url":"https:\/\/hnd.mirex.gob.do\/consular\/san-pedro-sula\/consul-general\/","og_site_name":"Consulado General de la Rep\u00fablica Dominicana en San Pedro Sula, Honduras","article_modified_time":"2025-05-09T19:12:43+00:00","og_image":[{"width":1290,"height":2293,"url":"https:\/\/hnd.mirex.gob.do\/consular\/san-pedro-sula\/wp-content\/uploads\/2025\/05\/88712785-76B2-475A-AEE3-593D1173400B-1-copia.jpg","type":"image\/jpeg"}],"twitter_card":"summary_large_image","twitter_misc":{"Est. reading time":"1 minute"},"schema":{"@context":"https:\/\/schema.org","@graph":[{"@type":"WebPage","@id":"https:\/\/hnd.mirex.gob.do\/consular\/san-pedro-sula\/consul-general\/","url":"https:\/\/hnd.mirex.gob.do\/consular\/san-pedro-sula\/consul-general\/","name":"Despacho del C\u00f3nsul - Consulado General de la Rep\u00fablica Dominicana en San Pedro Sula, Honduras","isPartOf":{"@id":"https:\/\/hnd.mirex.gob.do\/consular\/san-pedro-sula\/#website"},"primaryImageOfPage":{"@id":"https:\/\/hnd.mirex.gob.do\/consular\/san-pedro-sula\/consul-general\/#primaryimage"},"image":{"@id":"https:\/\/hnd.mirex.gob.do\/consular\/san-pedro-sula\/consul-general\/#primaryimage"},"thumbnailUrl":"https:\/\/hnd.mirex.gob.do\/consular\/san-pedro-sula\/wp-content\/uploads\/2025\/05\/88712785-76B2-475A-AEE3-593D1173400B-1-copia.jpg","datePublished":"2021-08-15T16:40:37+00:00","dateModified":"2025-05-09T19:12:43+00:00","description":"Melinton Francisco Jim\u00e9nez Salvador- C\u00f3nsul General Ingeniero Industrial y de Sistemas, egresado con honores del Tecnol\u00f3gico de Monterrey, M\u00e9xico. Cuenta con una maestr\u00eda en Direcci\u00f3n y Gesti\u00f3n de Proyectos de la Universidad Polit\u00e9cnica de Valencia, Espa\u00f1a. Certificado por la Sociedad Americana para la Calidad (ASQ, por sus siglas en Ingl\u00e9s) como Experto en Procesos de Calidad y por el Project Management Institute (PMI) como Asociado en la Gesti\u00f3n de Proyectos, adem\u00e1s cuenta con el aval del International Register of Certificated Auditors (IRCA) como Auditor L\u00edder de Sistemas de Gesti\u00f3n de Calidad y del Lean Six Sigma Institute como Especialista en Mejora de Procesos aplicando Six Sigma. Asimismo, como parte de su formaci\u00f3n acad\u00e9mica y profesional ha cursado diversos programas especializados y actualizaciones a nivel nacional e internacional, tales como el Programa de Habilidades Directivas y Gerenciales impartido por Barna Management School y el Programa de Liderazgo y Gerencia Orientado a Resultados por Dale Carnegie & Associates, complementado con varios talleres en negociaci\u00f3n, servicio al cliente, comercio internacional, relaciones internacionales, derechos humanos y estrategias. En el ambiente laboral ha sido Encargado de la Red de Abastecimiento Social de los programas sociales del Gobierno dominicano (2019-2020), posee amplia experiencia en la implementaci\u00f3n y conducci\u00f3n de Sistemas de Gesti\u00f3n Integrados basados en las normas ISO (9001, 14001, 27001), Gesti\u00f3n de Riesgos, Formulaci\u00f3n y Monitoreo de Planes, Programas y Proyectos, Desarrollo Organizacional y aplicaci\u00f3n de herramientas para la mejora continua en organizaciones nacionales e internacionales. Igualmente, se ha desempe\u00f1ado como Director de Subsidios Sociales (2023-2024) y Gerente de Negocios Electr\u00f3nicos del Banco de Reservas de la Rep\u00fablica Dominicana (2020-2023) en donde dirigi\u00f3 la puesta en marcha de varias soluciones de pago para los distintos subsidios sociales del Gobierno dominicano. Asimismo, ha puesto de manifiesto sus conocimientos en el extranjero, manejando proyectos especiales de empresas multinacionales en M\u00e9xico, Espa\u00f1a y Portugal. Desde el mes de enero de 2024 ha sido designado por el Presidente de la Rep\u00fablica, Lu\u00eds Abinader Corona, como C\u00f3nsul General de la Rep\u00fablica Dominicana en la ciudad de San Pedro Sula, Honduras, siendo hasta el momento el C\u00f3nsul General m\u00e1s joven designado en alg\u00fan lugar por el actual Gobierno dominicano. A su llegada a la misi\u00f3n consular ha logrado posicionar los procesos para brindar un servicio adecuado a los ciudadanos dominicanos y dem\u00e1s solicitantes que demandan los servicios en Honduras.","breadcrumb":{"@id":"https:\/\/hnd.mirex.gob.do\/consular\/san-pedro-sula\/consul-general\/#breadcrumb"},"inLanguage":"en-US","potentialAction":[{"@type":"ReadAction","target":["https:\/\/hnd.mirex.gob.do\/consular\/san-pedro-sula\/consul-general\/"]}]},{"@type":"ImageObject","inLanguage":"en-US","@id":"https:\/\/hnd.mirex.gob.do\/consular\/san-pedro-sula\/consul-general\/#primaryimage","url":"https:\/\/hnd.mirex.gob.do\/consular\/san-pedro-sula\/wp-content\/uploads\/2025\/05\/88712785-76B2-475A-AEE3-593D1173400B-1-copia.jpg","contentUrl":"https:\/\/hnd.mirex.gob.do\/consular\/san-pedro-sula\/wp-content\/uploads\/2025\/05\/88712785-76B2-475A-AEE3-593D1173400B-1-copia.jpg","width":1290,"height":2293,"caption":"Screenshot"},{"@type":"BreadcrumbList","@id":"https:\/\/hnd.mirex.gob.do\/consular\/san-pedro-sula\/consul-general\/#breadcrumb","itemListElement":[{"@type":"ListItem","position":1,"name":"Inicio","item":"https:\/\/hnd.mirex.gob.do\/consular\/san-pedro-sula\/"},{"@type":"ListItem","position":2,"name":"Despacho del C\u00f3nsul"}]},{"@type":"WebSite","@id":"https:\/\/hnd.mirex.gob.do\/consular\/san-pedro-sula\/#website","url":"https:\/\/hnd.mirex.gob.do\/consular\/san-pedro-sula\/","name":"Consulado General de la Rep\u00fablica Dominicana en San Pedro Sula, Honduras","description":"","publisher":{"@id":"https:\/\/hnd.mirex.gob.do\/consular\/san-pedro-sula\/#organization"},"potentialAction":[{"@type":"SearchAction","target":{"@type":"EntryPoint","urlTemplate":"https:\/\/hnd.mirex.gob.do\/consular\/san-pedro-sula\/?s={search_term_string}"},"query-input":{"@type":"PropertyValueSpecification","valueRequired":true,"valueName":"search_term_string"}}],"inLanguage":"en-US"},{"@type":"Organization","@id":"https:\/\/hnd.mirex.gob.do\/consular\/san-pedro-sula\/#organization","name":"Consulado General de la Rep\u00fablica Dominicana en San Pedro Sula, Honduras","url":"https:\/\/hnd.mirex.gob.do\/consular\/san-pedro-sula\/","logo":{"@type":"ImageObject","inLanguage":"en-US","@id":"https:\/\/hnd.mirex.gob.do\/consular\/san-pedro-sula\/#\/schema\/logo\/image\/","url":"https:\/\/hnd.mirex.gob.do\/consular\/san-pedro-sula\/wp-content\/uploads\/2022\/05\/CONSULADO-San-Pedro-Sula-Honduras-RD-04.png","contentUrl":"https:\/\/hnd.mirex.gob.do\/consular\/san-pedro-sula\/wp-content\/uploads\/2022\/05\/CONSULADO-San-Pedro-Sula-Honduras-RD-04.png","width":4163,"height":1788,"caption":"Consulado General de la Rep\u00fablica Dominicana en San Pedro Sula, Honduras"},"image":{"@id":"https:\/\/hnd.mirex.gob.do\/consular\/san-pedro-sula\/#\/schema\/logo\/image\/"}}]}},"_links":{"self":[{"href":"https:\/\/hnd.mirex.gob.do\/consular\/san-pedro-sula\/wp-json\/wp\/v2\/pages\/3113","targetHints":{"allow":["GET"]}}],"collection":[{"href":"https:\/\/hnd.mirex.gob.do\/consular\/san-pedro-sula\/wp-json\/wp\/v2\/pages"}],"about":[{"href":"https:\/\/hnd.mirex.gob.do\/consular\/san-pedro-sula\/wp-json\/wp\/v2\/types\/page"}],"author":[{"embeddable":true,"href":"https:\/\/hnd.mirex.gob.do\/consular\/san-pedro-sula\/wp-json\/wp\/v2\/users\/1"}],"replies":[{"embeddable":true,"href":"https:\/\/hnd.mirex.gob.do\/consular\/san-pedro-sula\/wp-json\/wp\/v2\/comments?post=3113"}],"version-history":[{"count":102,"href":"https:\/\/hnd.mirex.gob.do\/consular\/san-pedro-sula\/wp-json\/wp\/v2\/pages\/3113\/revisions"}],"predecessor-version":[{"id":6188,"href":"https:\/\/hnd.mirex.gob.do\/consular\/san-pedro-sula\/wp-json\/wp\/v2\/pages\/3113\/revisions\/6188"}],"wp:featuredmedia":[{"embeddable":true,"href":"https:\/\/hnd.mirex.gob.do\/consular\/san-pedro-sula\/wp-json\/wp\/v2\/media\/6186"}],"wp:attachment":[{"href":"https:\/\/hnd.mirex.gob.do\/consular\/san-pedro-sula\/wp-json\/wp\/v2\/media?parent=3113"}],"wp:term":[{"taxonomy":"category","embeddable":true,"href":"https:\/\/hnd.mirex.gob.do\/consular\/san-pedro-sula\/wp-json\/wp\/v2\/categories?post=3113"},{"taxonomy":"post_tag","embeddable":true,"href":"https:\/\/hnd.mirex.gob.do\/consular\/san-pedro-sula\/wp-json\/wp\/v2\/tags?post=3113"}],"curies":[{"name":"wp","href":"https:\/\/api.w.org\/{rel}","templated":true}]}}